{"id":10402,"date":"2022-11-01T21:39:38","date_gmt":"2022-11-01T20:39:38","guid":{"rendered":"https:\/\/www.auditsi.eu\/?page_id=10402"},"modified":"2023-08-19T18:16:34","modified_gmt":"2023-08-19T16:16:34","slug":"velo","status":"publish","type":"page","link":"https:\/\/www.auditsi.eu\/?page_id=10402","title":{"rendered":"V\u00e9lo"},"content":{"rendered":"<p style=\"text-align: justify;\">Quel sentiment de libert\u00e9, de l\u00e9g\u00e8ret\u00e9 que de d\u00e9laisser la voiture le temps d&#8217;avaler de la voie verte !<\/p>\n<p style=\"text-align: justify;\"><img loading=\"lazy\" decoding=\"async\" class=\"aligncenter size-full wp-image-10410\" src=\"https:\/\/www.auditsi.eu\/wp-content\/uploads\/2022\/11\/PISTES-VELO.png\" alt=\"PISTES VELO\" width=\"625\" height=\"731\" srcset=\"https:\/\/www.auditsi.eu\/wp-content\/uploads\/2022\/11\/PISTES-VELO.png 625w, https:\/\/www.auditsi.eu\/wp-content\/uploads\/2022\/11\/PISTES-VELO-256x300.png 256w\" sizes=\"auto, (max-width: 625px) 100vw, 625px\" \/><\/p>\n<div id=\"sconnect-is-installed\" style=\"display: none;\">2.13.0.0<\/div>\n<div id=\"sconnect-is-installed\" style=\"display: none;\">2.13.0.0<\/div>\n<div id=\"sconnect-is-installed\" style=\"display: none;\">2.13.0.0<\/div>\n<div id=\"sconnect-is-installed\" style=\"display: none;\">2.13.0.0<\/div>\n<div id=\"sconnect-is-installed\" style=\"display: none;\">2.13.0.0<\/div>\n<p style=\"text-align: justify;\">La r\u00e9gion caennaise commence a \u00eatre bien dot\u00e9e en mati\u00e8re de voies s\u00e9curis\u00e9es pour circuler \u00e0 v\u00e9lo.&nbsp; La V43 (pour V\u00e9loroute nationale 43 ou <a href=\"https:\/\/www.lavelofrancette.com\/\" target=\"_blank\" rel=\"noopener\">V\u00e9lo Francette qui relie Ouistreham \u00e0 La Rochelle<\/a>) longe le canal entre <a href=\"https:\/\/www.vivredanslecalvados.com\/offre\/voie-verte-de-caen-a-ouistreham-canal-de-lorne-velo-francette\/\" target=\"_blank\" rel=\"noopener\">Caen et Ousitreham<\/a>, offrant un voyage nature dans un cadre paisible. Arriv\u00e9 sur la c\u00f4te, l&#8217;EV4 (pour <a href=\"https:\/\/fr.eurovelo.com\/ev4\" target=\"_blank\" rel=\"noopener\">EuroV\u00e9lo 4 qui relie Roscoff \u00e0 Kiev en Ukraine<\/a> sur 4 000 km) permet de profiter pleinement de l&#8217;air marin.<\/p>\n<p><img loading=\"lazy\" decoding=\"async\" class=\"aligncenter size-full wp-image-10509\" src=\"https:\/\/www.auditsi.eu\/wp-content\/uploads\/2022\/11\/CARTE-VELO-EV.jpg\" alt=\"CARTE VELO EV\" width=\"1898\" height=\"781\" srcset=\"https:\/\/www.auditsi.eu\/wp-content\/uploads\/2022\/11\/CARTE-VELO-EV.jpg 1898w, https:\/\/www.auditsi.eu\/wp-content\/uploads\/2022\/11\/CARTE-VELO-EV-300x123.jpg 300w, https:\/\/www.auditsi.eu\/wp-content\/uploads\/2022\/11\/CARTE-VELO-EV-1024x421.jpg 1024w, https:\/\/www.auditsi.eu\/wp-content\/uploads\/2022\/11\/CARTE-VELO-EV-768x316.jpg 768w, https:\/\/www.auditsi.eu\/wp-content\/uploads\/2022\/11\/CARTE-VELO-EV-1536x632.jpg 1536w, https:\/\/www.auditsi.eu\/wp-content\/uploads\/2022\/11\/CARTE-VELO-EV-730x300.jpg 730w\" sizes=\"auto, (max-width: 1898px) 100vw, 1898px\" \/><\/p>\n<p style=\"text-align: justify;\">Enfilade de tunnels entre Giberville et Colombelles :<\/p>\n<p><img loading=\"lazy\" decoding=\"async\" class=\"aligncenter size-full wp-image-10489\" src=\"https:\/\/www.auditsi.eu\/wp-content\/uploads\/2022\/11\/TUNNELS-GIBERVILLE-COLOMBELLES.jpg\" alt=\"TUNNELS GIBERVILLE COLOMBELLES\" width=\"1547\" height=\"769\" srcset=\"https:\/\/www.auditsi.eu\/wp-content\/uploads\/2022\/11\/TUNNELS-GIBERVILLE-COLOMBELLES.jpg 1547w, https:\/\/www.auditsi.eu\/wp-content\/uploads\/2022\/11\/TUNNELS-GIBERVILLE-COLOMBELLES-300x149.jpg 300w, https:\/\/www.auditsi.eu\/wp-content\/uploads\/2022\/11\/TUNNELS-GIBERVILLE-COLOMBELLES-1024x509.jpg 1024w, https:\/\/www.auditsi.eu\/wp-content\/uploads\/2022\/11\/TUNNELS-GIBERVILLE-COLOMBELLES-768x382.jpg 768w, https:\/\/www.auditsi.eu\/wp-content\/uploads\/2022\/11\/TUNNELS-GIBERVILLE-COLOMBELLES-1536x764.jpg 1536w, https:\/\/www.auditsi.eu\/wp-content\/uploads\/2022\/11\/TUNNELS-GIBERVILLE-COLOMBELLES-730x363.jpg 730w\" sizes=\"auto, (max-width: 1547px) 100vw, 1547px\" \/><br \/>\nQuelques graffitis :<br \/>\n<img loading=\"lazy\" decoding=\"async\" class=\"aligncenter size-full wp-image-10490\" src=\"https:\/\/www.auditsi.eu\/wp-content\/uploads\/2022\/11\/GRAFFITI1.jpg\" alt=\"GRAFFITI1\" width=\"1128\" height=\"695\" srcset=\"https:\/\/www.auditsi.eu\/wp-content\/uploads\/2022\/11\/GRAFFITI1.jpg 1128w, https:\/\/www.auditsi.eu\/wp-content\/uploads\/2022\/11\/GRAFFITI1-300x185.jpg 300w, https:\/\/www.auditsi.eu\/wp-content\/uploads\/2022\/11\/GRAFFITI1-1024x631.jpg 1024w, https:\/\/www.auditsi.eu\/wp-content\/uploads\/2022\/11\/GRAFFITI1-768x473.jpg 768w, https:\/\/www.auditsi.eu\/wp-content\/uploads\/2022\/11\/GRAFFITI1-730x450.jpg 730w\" sizes=\"auto, (max-width: 1128px) 100vw, 1128px\" \/><\/p>\n<p><img loading=\"lazy\" decoding=\"async\" class=\"aligncenter size-full wp-image-10491\" src=\"https:\/\/www.auditsi.eu\/wp-content\/uploads\/2022\/11\/GRAFFITI2.jpg\" alt=\"GRAFFITI2\" width=\"1307\" height=\"736\" srcset=\"https:\/\/www.auditsi.eu\/wp-content\/uploads\/2022\/11\/GRAFFITI2.jpg 1307w, https:\/\/www.auditsi.eu\/wp-content\/uploads\/2022\/11\/GRAFFITI2-300x169.jpg 300w, https:\/\/www.auditsi.eu\/wp-content\/uploads\/2022\/11\/GRAFFITI2-1024x577.jpg 1024w, https:\/\/www.auditsi.eu\/wp-content\/uploads\/2022\/11\/GRAFFITI2-768x432.jpg 768w, https:\/\/www.auditsi.eu\/wp-content\/uploads\/2022\/11\/GRAFFITI2-730x411.jpg 730w\" sizes=\"auto, (max-width: 1307px) 100vw, 1307px\" \/><\/p>\n<p><img loading=\"lazy\" decoding=\"async\" class=\"aligncenter size-full wp-image-10492\" src=\"https:\/\/www.auditsi.eu\/wp-content\/uploads\/2022\/11\/TUNNEL-TAGUE.jpg\" alt=\"\" width=\"1307\" height=\"736\" srcset=\"https:\/\/www.auditsi.eu\/wp-content\/uploads\/2022\/11\/TUNNEL-TAGUE.jpg 1307w, https:\/\/www.auditsi.eu\/wp-content\/uploads\/2022\/11\/TUNNEL-TAGUE-300x169.jpg 300w, https:\/\/www.auditsi.eu\/wp-content\/uploads\/2022\/11\/TUNNEL-TAGUE-1024x577.jpg 1024w, https:\/\/www.auditsi.eu\/wp-content\/uploads\/2022\/11\/TUNNEL-TAGUE-768x432.jpg 768w, https:\/\/www.auditsi.eu\/wp-content\/uploads\/2022\/11\/TUNNEL-TAGUE-730x411.jpg 730w\" sizes=\"auto, (max-width: 1307px) 100vw, 1307px\" \/><\/p>\n<p style=\"text-align: justify;\">Colombelles (Normandial, ancien site industriel de la Soci\u00e9t\u00e9 M\u00e9tallurgique de Normandie (SMN) ferm\u00e9e en 1993 reconverti en zone d&#8217;entreprises tertiaires) :<\/p>\n<p><img loading=\"lazy\" decoding=\"async\" class=\"aligncenter size-full wp-image-10487\" src=\"https:\/\/www.auditsi.eu\/wp-content\/uploads\/2022\/11\/COLOMBELLES-NORMANDIAL.jpg\" alt=\"COLOMBELLES NORMANDIAL\" width=\"1731\" height=\"793\" srcset=\"https:\/\/www.auditsi.eu\/wp-content\/uploads\/2022\/11\/COLOMBELLES-NORMANDIAL.jpg 1731w, https:\/\/www.auditsi.eu\/wp-content\/uploads\/2022\/11\/COLOMBELLES-NORMANDIAL-300x137.jpg 300w, https:\/\/www.auditsi.eu\/wp-content\/uploads\/2022\/11\/COLOMBELLES-NORMANDIAL-1024x469.jpg 1024w, https:\/\/www.auditsi.eu\/wp-content\/uploads\/2022\/11\/COLOMBELLES-NORMANDIAL-768x352.jpg 768w, https:\/\/www.auditsi.eu\/wp-content\/uploads\/2022\/11\/COLOMBELLES-NORMANDIAL-1536x704.jpg 1536w, https:\/\/www.auditsi.eu\/wp-content\/uploads\/2022\/11\/COLOMBELLES-NORMANDIAL-730x334.jpg 730w\" sizes=\"auto, (max-width: 1731px) 100vw, 1731px\" \/><\/p>\n<p style=\"text-align: justify;\">Temps magnifique sur la plage de Ouistreham pour un mois de novembre (2022) :<\/p>\n<p style=\"text-align: justify;\"><img loading=\"lazy\" decoding=\"async\" class=\"aligncenter size-full wp-image-10453\" src=\"https:\/\/www.auditsi.eu\/wp-content\/uploads\/2022\/11\/1668265794056.jpg\" alt=\"Temps magnifique sur la plage de Ouistreham pour un mois de novembre\" width=\"2048\" height=\"1151\" srcset=\"https:\/\/www.auditsi.eu\/wp-content\/uploads\/2022\/11\/1668265794056.jpg 2048w, https:\/\/www.auditsi.eu\/wp-content\/uploads\/2022\/11\/1668265794056-300x169.jpg 300w, https:\/\/www.auditsi.eu\/wp-content\/uploads\/2022\/11\/1668265794056-1024x576.jpg 1024w, https:\/\/www.auditsi.eu\/wp-content\/uploads\/2022\/11\/1668265794056-768x432.jpg 768w, https:\/\/www.auditsi.eu\/wp-content\/uploads\/2022\/11\/1668265794056-1536x863.jpg 1536w, https:\/\/www.auditsi.eu\/wp-content\/uploads\/2022\/11\/1668265794056-730x410.jpg 730w\" sizes=\"auto, (max-width: 2048px) 100vw, 2048px\" \/><br \/>\nD\u00e9couvrir le Calvados \u00e0 v\u00e9lo (cartes, itin\u00e9raires, services pratiques&#8230;) : <a href=\"https:\/\/www.calvados-tourisme.com\/tous-a-velo\/\" target=\"_blank\" rel=\"noopener\">https:\/\/www.calvados-tourisme.com\/tous-a-velo\/<\/a><\/p>\n<p><img loading=\"lazy\" decoding=\"async\" class=\"aligncenter size-full wp-image-11417\" src=\"https:\/\/www.auditsi.eu\/wp-content\/uploads\/2023\/07\/Carte-Calvados-Caen-Velo-2022.png\" alt=\"Carte Calvados Caen V\u00e9lo 2022\" width=\"685\" height=\"732\" srcset=\"https:\/\/www.auditsi.eu\/wp-content\/uploads\/2023\/07\/Carte-Calvados-Caen-Velo-2022.png 685w, https:\/\/www.auditsi.eu\/wp-content\/uploads\/2023\/07\/Carte-Calvados-Caen-Velo-2022-281x300.png 281w\" sizes=\"auto, (max-width: 685px) 100vw, 685px\" \/><\/p>\n<p style=\"text-align: justify;\">Itin\u00e9raire Mondeville (Biez), Caen(Prairie, Centre, Port), Colombelles, Giberville (source Decathlon Outdoor) :<\/p>\n<p><img loading=\"lazy\" decoding=\"async\" class=\"aligncenter size-full wp-image-11608\" src=\"https:\/\/www.auditsi.eu\/wp-content\/uploads\/2023\/08\/Itineraire-autour-de-Caen.jpg\" alt=\"Itin\u00e9raire autour de Caen\" width=\"1046\" height=\"685\" srcset=\"https:\/\/www.auditsi.eu\/wp-content\/uploads\/2023\/08\/Itineraire-autour-de-Caen.jpg 1046w, https:\/\/www.auditsi.eu\/wp-content\/uploads\/2023\/08\/Itineraire-autour-de-Caen-300x196.jpg 300w, https:\/\/www.auditsi.eu\/wp-content\/uploads\/2023\/08\/Itineraire-autour-de-Caen-1024x671.jpg 1024w, https:\/\/www.auditsi.eu\/wp-content\/uploads\/2023\/08\/Itineraire-autour-de-Caen-768x503.jpg 768w, https:\/\/www.auditsi.eu\/wp-content\/uploads\/2023\/08\/Itineraire-autour-de-Caen-730x478.jpg 730w\" sizes=\"auto, (max-width: 1046px) 100vw, 1046px\" \/><\/p>\n<div id=\"sconnect-is-installed\" style=\"display: none;\">2.13.0.0<\/div>\n<div id=\"sconnect-is-installed\" style=\"display: none;\">2.13.0.0<\/div>\n<div style=\"padding-bottom:20px; padding-top:10px;\" class=\"hupso-share-buttons\"><!-- Hupso Share Buttons - https:\/\/www.hupso.com\/share\/ --><a class=\"hupso_counters\" href=\"https:\/\/www.hupso.com\/share\/\"><img decoding=\"async\" src=\"https:\/\/static.hupso.com\/share\/buttons\/lang\/fr\/share-small.png\" style=\"border:0px; padding-top:2px; float:left;\" alt=\"Share Button\"\/><\/a><script type=\"text\/javascript\">var hupso_services_c=new Array(\"twitter\",\"facebook_like\",\"facebook_send\",\"email\",\"print\",\"linkedin\");var hupso_counters_lang = \"fr_FR\";var hupso_image_folder_url = \"\";var hupso_twitter_via=\"BenoitRiviere14\";var hupso_url_c=\"\";var hupso_title_c=\"V%C3%A9lo\";<\/script><script type=\"text\/javascript\" src=\"https:\/\/static.hupso.com\/share\/js\/counters.js\"><\/script><!-- Hupso Share Buttons --><\/div>","protected":false},"excerpt":{"rendered":"<p>Quel sentiment de libert\u00e9, de l\u00e9g\u00e8ret\u00e9 que de d\u00e9laisser la voiture le temps d&#8217;avaler de la voie verte ! 2.13.0.0 2.13.0.0 2.13.0.0 2.13.0.0 2.13.0.0 La r\u00e9gion caennaise commence a \u00eatre bien dot\u00e9e en mati\u00e8re de voies s\u00e9curis\u00e9es pour circuler \u00e0 v\u00e9lo.&nbsp; La V43 (pour V\u00e9loroute nationale 43 ou V\u00e9lo Francette qui relie Ouistreham \u00e0 La &#8230;<\/p>\n<p><a href=\"https:\/\/www.auditsi.eu\/?page_id=10402\" class=\"more-link\">Continue reading &lsquo;V\u00e9lo&rsquo; &raquo;<\/a><\/p>\n<div style=\"padding-bottom:20px; padding-top:10px;\" class=\"hupso-share-buttons\"><!-- Hupso Share Buttons - https:\/\/www.hupso.com\/share\/ --><a class=\"hupso_counters\" href=\"https:\/\/www.hupso.com\/share\/\"><img src=\"https:\/\/static.hupso.com\/share\/buttons\/lang\/fr\/share-small.png\" style=\"border:0px; padding-top:2px; float:left;\" alt=\"Share Button\"\/><\/a><script type=\"text\/javascript\">var hupso_services_c=new Array(\"twitter\",\"facebook_like\",\"facebook_send\",\"email\",\"print\",\"linkedin\");var hupso_counters_lang = \"fr_FR\";var hupso_image_folder_url = \"\";var hupso_twitter_via=\"BenoitRiviere14\";var hupso_url_c=\"\";var hupso_title_c=\"V%C3%A9lo\";<\/script><script type=\"text\/javascript\" src=\"https:\/\/static.hupso.com\/share\/js\/counters.js\"><\/script><!-- Hupso Share Buttons --><\/div>","protected":false},"author":1,"featured_media":0,"parent":0,"menu_order":0,"comment_status":"closed","ping_status":"closed","template":"","meta":{"advanced_seo_description":"","jetpack_seo_html_title":"","jetpack_seo_noindex":false,"ngg_post_thumbnail":0,"footnotes":"","_links_to":"","_links_to_target":""},"class_list":["post-10402","page","type-page","status-publish","hentry"],"jetpack_sharing_enabled":true,"jetpack_likes_enabled":false,"_links":{"self":[{"href":"https:\/\/www.auditsi.eu\/index.php?rest_route=\/wp\/v2\/pages\/10402","targetHints":{"allow":["GET"]}}],"collection":[{"href":"https:\/\/www.auditsi.eu\/index.php?rest_route=\/wp\/v2\/pages"}],"about":[{"href":"https:\/\/www.auditsi.eu\/index.php?rest_route=\/wp\/v2\/types\/page"}],"author":[{"embeddable":true,"href":"https:\/\/www.auditsi.eu\/index.php?rest_route=\/wp\/v2\/users\/1"}],"replies":[{"embeddable":true,"href":"https:\/\/www.auditsi.eu\/index.php?rest_route=%2Fwp%2Fv2%2Fcomments&post=10402"}],"version-history":[{"count":16,"href":"https:\/\/www.auditsi.eu\/index.php?rest_route=\/wp\/v2\/pages\/10402\/revisions"}],"predecessor-version":[{"id":10408,"href":"https:\/\/www.auditsi.eu\/index.php?rest_route=\/wp\/v2\/pages\/10402\/revisions\/10408"}],"wp:attachment":[{"href":"https:\/\/www.auditsi.eu\/index.php?rest_route=%2Fwp%2Fv2%2Fmedia&parent=10402"}],"curies":[{"name":"wp","href":"https:\/\/api.w.org\/{rel}","templated":true}]}}